{"id":31,"date":"2016-06-21T13:46:11","date_gmt":"2016-06-21T12:46:11","guid":{"rendered":"http:\/\/clairmatin.be\/?page_id=31"},"modified":"2017-02-22T10:01:53","modified_gmt":"2017-02-22T09:01:53","slug":"nos-missions","status":"publish","type":"page","link":"https:\/\/clairmatin.be\/?page_id=31","title":{"rendered":"Nos missions"},"content":{"rendered":"<p><span style=\"color: #3366ff;\"><em>Clair Matin a pour but d\u2019apporter une aide sp\u00e9cialis\u00e9e telle que d\u00e9finie par la loi du 08\/04\/1965 relative \u00e0 la protection de la jeunesse et par le d\u00e9cret du 04\/03\/1991 relatif \u00e0 l\u2019aide \u00e0 la jeunesse\u00a0:<\/em><\/span><\/p>\n<p>&nbsp;<\/p>\n<p>&#8211; Organiser l\u2019accueil collectif et l\u2019\u00e9ducation des jeunes qui n\u00e9cessitent une aide sp\u00e9cialis\u00e9e en dehors de leur milieu de vie<\/p>\n<p>&#8211; Mettre en \u0153uvre des programmes d\u2019aide en vue de la r\u00e9insertion des jeunes dans leur milieu de vie<\/p>\n<p>&#8211; Assurer la supervision ainsi que l\u2019encadrement p\u00e9dagogique et social des jeunes qui vivent en logement autonome<\/p>\n<p>&#8211; Offrir un suivi aux familles dans le cadre d\u2019un retour de l\u2019enfant dans son milieu de vie familial.<\/p>\n<p>&nbsp;<\/p>\n<p><img decoding=\"async\" loading=\"lazy\" class=\"size-medium wp-image-33 aligncenter\" src=\"http:\/\/clairmatin.be\/wp-content\/uploads\/2016\/06\/7b27c640a770f49d5eba9e5b663dcee7-300x300.jpg\" alt=\"7b27c640a770f49d5eba9e5b663dcee7\" width=\"300\" height=\"300\" srcset=\"https:\/\/clairmatin.be\/wp-content\/uploads\/2016\/06\/7b27c640a770f49d5eba9e5b663dcee7-300x300.jpg 300w, https:\/\/clairmatin.be\/wp-content\/uploads\/2016\/06\/7b27c640a770f49d5eba9e5b663dcee7-150x150.jpg 150w, https:\/\/clairmatin.be\/wp-content\/uploads\/2016\/06\/7b27c640a770f49d5eba9e5b663dcee7-400x400.jpg 400w, https:\/\/clairmatin.be\/wp-content\/uploads\/2016\/06\/7b27c640a770f49d5eba9e5b663dcee7-430x430.jpg 430w, https:\/\/clairmatin.be\/wp-content\/uploads\/2016\/06\/7b27c640a770f49d5eba9e5b663dcee7-100x100.jpg 100w, https:\/\/clairmatin.be\/wp-content\/uploads\/2016\/06\/7b27c640a770f49d5eba9e5b663dcee7.jpg 500w\" sizes=\"(max-width: 300px) 100vw, 300px\" \/><\/p>\n<p>&nbsp;<\/p>\n<p><span style=\"color: #3366ff;\">Nous disposons de 3 unit\u00e9s de vie en internet pour 3 projets distincts:<\/span><\/p>\n<p>&nbsp;<\/p>\n<p style=\"text-align: center;\"><img decoding=\"async\" loading=\"lazy\" class=\"wp-image-88 aligncenter\" src=\"http:\/\/clairmatin.be\/wp-content\/uploads\/2016\/06\/m1_OTk2_1000_Logo-Ptits-loups-300x300.jpg\" alt=\"m1_otk2_1000_logo-ptits-loups\" width=\"148\" height=\"148\" srcset=\"https:\/\/clairmatin.be\/wp-content\/uploads\/2016\/06\/m1_OTk2_1000_Logo-Ptits-loups-300x300.jpg 300w, https:\/\/clairmatin.be\/wp-content\/uploads\/2016\/06\/m1_OTk2_1000_Logo-Ptits-loups-150x150.jpg 150w, https:\/\/clairmatin.be\/wp-content\/uploads\/2016\/06\/m1_OTk2_1000_Logo-Ptits-loups-270x270.jpg 270w, https:\/\/clairmatin.be\/wp-content\/uploads\/2016\/06\/m1_OTk2_1000_Logo-Ptits-loups.jpg 472w\" sizes=\"(max-width: 148px) 100vw, 148px\" \/>\u00a0Unit\u00e9 \u00ab\u00a0Ptits loups\u00a0\u00bb<\/p>\n<p>Structure pour les plus petits (maternelles &amp; primaires).<\/p>\n<p><span style=\"text-decoration: underline; color: #3366ff;\"><strong>Axes principaux de travail:<\/strong><\/span><\/p>\n<ul>\n<li>Soutien aux familles<\/li>\n<li>R\u00e9insertion familiale<\/li>\n<li>Cadre de vie contenant &amp; s\u00e9curisant<\/li>\n<\/ul>\n<p>&nbsp;<\/p>\n<p><img decoding=\"async\" loading=\"lazy\" class=\"wp-image-90 aligncenter\" src=\"http:\/\/clairmatin.be\/wp-content\/uploads\/2016\/06\/tao.png\" alt=\"tao\" width=\"159\" height=\"141\" \/><\/p>\n<p style=\"text-align: center;\">Unit\u00e9 \u00ab\u00a0Tao\u00a0\u00bb<\/p>\n<p style=\"text-align: left;\">Structure verticale mixte de 10 \u00e0 18 ans.<\/p>\n<p style=\"text-align: left;\"><span style=\"text-decoration: underline; color: #3366ff;\"><strong>Axes principaux de travail:<\/strong><\/span><\/p>\n<ul>\n<li style=\"text-align: left;\">Soutien aux familles<\/li>\n<li style=\"text-align: left;\">R\u00e9insertion familiale<\/li>\n<li style=\"text-align: left;\">Approche individuelle: observation, orientation, guidance<\/li>\n<li style=\"text-align: left;\">Soutien scolaire<\/li>\n<\/ul>\n<p>&nbsp;<\/p>\n<p><img decoding=\"async\" loading=\"lazy\" class=\" wp-image-89 aligncenter\" src=\"http:\/\/clairmatin.be\/wp-content\/uploads\/2016\/06\/picture13359920287571.jpg\" alt=\"picture13359920287571\" width=\"198\" height=\"88\" \/><\/p>\n<p style=\"text-align: center;\">Unit\u00e9 \u00ab\u00a0Loft\u00a0\u00bb<\/p>\n<p style=\"text-align: left;\"><span style=\"text-decoration: underline; color: #3366ff;\"><strong>Axe principaux de travail:<\/strong><\/span><\/p>\n<ul>\n<li style=\"text-align: left;\">Pr\u00e9paration \u00e0 l&rsquo;autonomie<\/li>\n<\/ul>\n<p><span style=\"text-decoration: underline; color: #3366ff;\"><strong>Conditions:<\/strong><\/span><\/p>\n<ul>\n<li>16 ans et +<\/li>\n<li>R\u00e9gularit\u00e9 scolaire<\/li>\n<li>Pas de retour en famille<\/li>\n<li>Projet d&rsquo;autonomie<\/li>\n<li>projet scolaire ou formation assidue<\/li>\n<li>Job \u00e9tudiant<\/li>\n<li>Passage de minimum 3 mois en interne<\/li>\n<li>Le jeune est autonome dans la gestion de son quotidien<\/li>\n<li>Accord de l&rsquo;autorit\u00e9 mandante<\/li>\n<\/ul>\n<p>&nbsp;<\/p>\n<p><img decoding=\"async\" loading=\"lazy\" class=\"size-medium wp-image-91 aligncenter\" src=\"http:\/\/clairmatin.be\/wp-content\/uploads\/2016\/06\/enfant-heureux-jouant-avec-l-avion-de-jouet-34324957-300x296.jpg\" alt=\"enfant-heureux-jouant-avec-l-avion-de-jouet-34324957\" width=\"300\" height=\"296\" srcset=\"https:\/\/clairmatin.be\/wp-content\/uploads\/2016\/06\/enfant-heureux-jouant-avec-l-avion-de-jouet-34324957-300x296.jpg 300w, https:\/\/clairmatin.be\/wp-content\/uploads\/2016\/06\/enfant-heureux-jouant-avec-l-avion-de-jouet-34324957-768x758.jpg 768w, https:\/\/clairmatin.be\/wp-content\/uploads\/2016\/06\/enfant-heureux-jouant-avec-l-avion-de-jouet-34324957-700x691.jpg 700w, https:\/\/clairmatin.be\/wp-content\/uploads\/2016\/06\/enfant-heureux-jouant-avec-l-avion-de-jouet-34324957-600x592.jpg 600w, https:\/\/clairmatin.be\/wp-content\/uploads\/2016\/06\/enfant-heureux-jouant-avec-l-avion-de-jouet-34324957-274x270.jpg 274w, https:\/\/clairmatin.be\/wp-content\/uploads\/2016\/06\/enfant-heureux-jouant-avec-l-avion-de-jouet-34324957.jpg 1300w\" sizes=\"(max-width: 300px) 100vw, 300px\" \/><\/p>\n<p>&nbsp;<\/p>\n","protected":false},"excerpt":{"rendered":"<p>Clair Matin a pour but d\u2019apporter une aide sp\u00e9cialis\u00e9e telle que d\u00e9finie par la loi du 08\/04\/1965 relative \u00e0 la protection de la jeunesse et par le d\u00e9cret du 04\/03\/1991 relatif \u00e0 l\u2019aide \u00e0 la jeunesse\u00a0: &nbsp; &#8211; Organiser l\u2019accueil collectif et l\u2019\u00e9ducation des jeunes qui n\u00e9cessitent une aide sp\u00e9cialis\u00e9e en dehors de leur milieu de vie &#8211; Mettre en \u0153uvre des programmes d\u2019aide en vue de la r\u00e9insertion des jeunes dans leur milieu de vie &#8211; Assurer la supervision&#8230;<\/p>\n<p class=\"read-more\"><a class=\"btn btn-default\" href=\"https:\/\/clairmatin.be\/?page_id=31\">Lire la suite<span class=\"screen-reader-text\"> Lire la suite<\/span><\/a><\/p>\n","protected":false},"author":1,"featured_media":0,"parent":0,"menu_order":2,"comment_status":"closed","ping_status":"closed","template":"","meta":[],"_links":{"self":[{"href":"https:\/\/clairmatin.be\/index.php?rest_route=\/wp\/v2\/pages\/31"}],"collection":[{"href":"https:\/\/clairmatin.be\/index.php?rest_route=\/wp\/v2\/pages"}],"about":[{"href":"https:\/\/clairmatin.be\/index.php?rest_route=\/wp\/v2\/types\/page"}],"author":[{"embeddable":true,"href":"https:\/\/clairmatin.be\/index.php?rest_route=\/wp\/v2\/users\/1"}],"replies":[{"embeddable":true,"href":"https:\/\/clairmatin.be\/index.php?rest_route=%2Fwp%2Fv2%2Fcomments&post=31"}],"version-history":[{"count":5,"href":"https:\/\/clairmatin.be\/index.php?rest_route=\/wp\/v2\/pages\/31\/revisions"}],"predecessor-version":[{"id":112,"href":"https:\/\/clairmatin.be\/index.php?rest_route=\/wp\/v2\/pages\/31\/revisions\/112"}],"wp:attachment":[{"href":"https:\/\/clairmatin.be\/index.php?rest_route=%2Fwp%2Fv2%2Fmedia&parent=31"}],"curies":[{"name":"wp","href":"https:\/\/api.w.org\/{rel}","templated":true}]}}